{"id":2203,"date":"2021-05-31T08:54:54","date_gmt":"2021-05-31T08:54:54","guid":{"rendered":"https:\/\/resilientpreschools.eu\/?page_id=2203"},"modified":"2021-05-31T13:34:59","modified_gmt":"2021-05-31T13:34:59","slug":"partners","status":"publish","type":"page","link":"https:\/\/resilientpreschools.eu\/pt-pt\/partners\/","title":{"rendered":"Parceiros"},"content":{"rendered":"<h1>Parceiros<\/h1>\n<div> <a href=\"#modal-center\" uk-toggle><\/p>\n<div class=\"partner-bg uk-flex uk-flex-middle uk-flex-center\"><img decoding=\"async\" src=\"\/wp-content\/uploads\/2021\/03\/PI-LOGO-only-colour.png\" \/><\/div>\n<p><\/a><\/p>\n<div id=\"modal-center\" class=\"uk-flex-top\" uk-modal=\"\">\n<div class=\"uk-modal-dialog uk-modal-body uk-margin-auto-vertical\"><button class=\"uk-modal-close-default\" type=\"button\" uk-close=\"\"><\/button><\/p>\n<div class=\"uk-flex uk-flex-middle\">\n<div class=\"inline-block uk-width-1-4 uk-text-center\"><img decoding=\"async\" src=\"\/wp-content\/uploads\/2021\/03\/PI-LOGO-only-colour.png\" \/><\/div>\n<div class=\"uk-width-2-3 inline-block\">\n<div class=\"header4\">\n<h4 class=\"font-jet extra-bold\">CPI \u2013 INSTITUTO PEDAG\u00d3GICO DO CHIPRE<br \/>\n<\/h4>\n<\/div>\n<div class=\"button-modal\"><a class=\"uk-button uk-button-primary\"  href=\"https:\/\/www.pi.ac.cy\" target=\"_blank\">Visite o website<\/a><\/div>\n<\/div>\n<\/div>\n<div class=\"modal-text\">\n<p>O Instituto Pedag\u00f3gico do Chipre(CPI) foi fundado em 1972 por decis\u00e3o do Conselho de Ministros e iniciou a sua atividade em 1973 pretendendo tornar-se o \u201ccentro onde a profiss\u00e3o de educa\u00e7\u00e3o assume um papel cr\u00edtico e onde o trabalho cooperativo resulta de uma equipa de educadores de todos os n\u00edveis de ensino e ativos no ensino, na forma\u00e7\u00e3o de professores, na supervis\u00e3o ou na administra\u00e7\u00e3o\u201d (Weddell, relat\u00f3rio da UNESCO 1971, p. 14, \u00a73.9). A miss\u00e3o do CPI \u00e9 garantir a aprendizagem cont\u00ednua de educadores em todos os n\u00edveis de ensino, apoiando-os no seu desenvolvimento pessoal e profissional.<\/p>\n<p>O trabalho do CPI \u00e9 ainda enquadrado na pol\u00edtica educativa e aplicado em diversas dire\u00e7\u00f5es:<\/p>\n<ul>\n<li>Apoia a aprendizagem profissional de educadores em contexto escolar;\n<\/li>\n<li>Oferece forma\u00e7\u00e3o obrigat\u00f3ria e semin\u00e1rios opcionais para professores;\n<\/li>\n<li>Planeia e executa investiga\u00e7\u00e3o e avalia\u00e7\u00e3o de estudos em educa\u00e7\u00e3o;\n<\/li>\n<li>Acompanha e adapta-se \u00e0s tend\u00eancias atuais em pedagogia;<\/li>\n<li>Aposta no desenvolvimento e publica\u00e7\u00e3o de livros de ensino, de curr\u00edculos escolares e de recursos educativos.\n<\/li>\n<li>Aposta no desenvolvimento e publica\u00e7\u00e3o de livros de ensino, de curr\u00edculos escolares e de recursos educativos.\n<\/li>\n<\/ul>\n<\/div>\n<\/div>\n<\/div>\n<\/div>\n<div> <a href=\"#modal-center2\" uk-toggle><\/p>\n<div class=\"partner-bg uk-flex uk-flex-middle uk-flex-center\"><img decoding=\"async\" src=\"https:\/\/resilientpreschools.eu\/wp-content\/uploads\/2021\/03\/instituteofdev.svg\" \/><\/div>\n<p><\/a><\/p>\n<div id=\"modal-center2\" class=\"uk-flex-top\" uk-modal=\"\">\n<div class=\"uk-modal-dialog uk-modal-body uk-margin-auto-vertical\"><button class=\"uk-modal-close-default\" type=\"button\" uk-close=\"\"><\/button><\/p>\n<div class=\"uk-flex uk-flex-middle\">\n<div class=\"inline-block uk-width-1-4 uk-text-center\"><img decoding=\"async\" src=\"https:\/\/resilientpreschools.eu\/wp-content\/uploads\/2021\/03\/instituteofdev.svg\" \/><\/div>\n<div class=\"uk-width-2-3 inline-block\">\n<div class=\"header4\">\n<h4 class=\"font-jet extra-bold\">INSTITUTO DO DESENVOLVIMENTO NO CHIPRE<\/h4>\n<\/div>\n<div class=\"button-modal\"><a class=\"uk-button uk-button-primary\" href=\"https:\/\/iodevelopment.eu\/\" target=\"_blank\">Visite o website<\/a><\/div>\n<\/div>\n<\/div>\n<div class=\"modal-text\">\n<p>O Instituto do Desenvolvimento foi fundado em 2003. A sua vis\u00e3o \u00e9 contribuir para a qualidade de vida da sociedade, atrav\u00e9s do desenvolvimento cont\u00ednuo dos indiv\u00edduos, das fam\u00edlias, dos recursos humanos das empresas e das organiza\u00e7\u00f5es educativas. O Instituto desenvolve investiga\u00e7\u00e3o e oferece forma\u00e7\u00e3o e consultoria para ultrapassar os desafios sociais e organizacionais. Para al\u00e9m da sua rede de contactos com pais e educadores de todos os n\u00edveis de ensino, o Instituto colabora ainda com o CPI.\n<\/p>\n<p>Desde 2007, o Instituto implementa o programa educativo \u2018ARETI\u2019 focado em 12 valores b\u00e1sicos de vida. Adicionalmente, o Instituto iniciou um programa intitulado \u2018Positive Learning\u2019 dedicado \u00e0 aplica\u00e7\u00e3o de Psicologia Positiva  em educa\u00e7\u00e3o; o objetivo principal deste programa \u00e9 o desenvolvimento de resili\u00eancia, bem-estar, for\u00e7a de car\u00e1cter junto de educadores e crian\u00e7as. As atividades de forma\u00e7\u00e3o s\u00e3o realizadas em colabora\u00e7\u00e3o com profissionais das Universidades do Chipre e de outros pa\u00edses da Uni\u00e3o Europeia.<\/p>\n<p>A teoria, os m\u00e9todos e as pr\u00e1ticas usadas s\u00e3o baseadas em evid\u00eancias cient\u00edficas e, especificamente, nos princ\u00edpios da Psicologia Positiva integrada em modelos de aprendizagem cooperativa, pensamento cr\u00edtico e criativo, intelig\u00eancias m\u00faltiplas e valores. As principais atividades do Instituto incluem forma\u00e7\u00f5es em t\u00f3picos como aprendizagem cooperativa, compet\u00eancias digitais, autoconsci\u00eancia, autoestima, valores, pensamento criativo, compet\u00eancias de empregabilidade, aplica\u00e7\u00f5es da psicologia positiva, orienta\u00e7\u00e3o vocacional, e outros programas educativos.<\/p>\n<\/div>\n<\/div>\n<\/div>\n<\/div>\n<div> <a href=\"#modal-center3\" uk-toggle><\/p>\n<div class=\"partner-bg uk-flex uk-flex-middle uk-flex-center\"><img decoding=\"async\" src=\"\/wp-content\/uploads\/2021\/04\/Motion-Digital-logo-NEW_lne-1.png\" \/><\/div>\n<p><\/a><\/p>\n<div id=\"modal-center3\" class=\"uk-flex-top\" uk-modal=\"\">\n<div class=\"uk-modal-dialog uk-modal-body uk-margin-auto-vertical\"><button class=\"uk-modal-close-default\" type=\"button\" uk-close=\"\"><\/button><\/p>\n<div class=\"uk-flex uk-flex-middle\">\n<div class=\"inline-block uk-width-1-4 uk-text-center\"><img decoding=\"async\" src=\"\/wp-content\/uploads\/2021\/04\/Motion-Digital-logo-NEW_lne-1.png\" \/><\/div>\n<div class=\"uk-width-2-3 inline-block\">\n<div class=\"header4\">\n<h4 class=\"font-jet extra-bold\">Motion Digital s.r.o. \/ CZECH REPUBLIC<\/h4>\n<\/div>\n<div class=\"button-modal\"><a class=\"uk-button uk-button-primary\" href=\"https:\/\/www.motion-digital.eu\/\" target=\"_blank\" rel=\"noopener\">Visite o website<\/a><\/div>\n<\/div>\n<\/div>\n<div class=\"modal-text\">\n<p id=\"docs-internal-guid-616d0a76-7fff-f31f-4d30-b499013e7874\">Motion Digital \u00e9 uma start-up fundada em 2019 na Rep\u00fablica Checa. A sua miss\u00e3o \u00e9 potenciar o acesso dos indiv\u00edduos a um ambiente sustent\u00e1vel atrav\u00e9s da tecnologia. A sua atividade dedica-se \u00e0 capacita\u00e7\u00e3o de aprendentes para melhorarem a sua qualidade de vida atrav\u00e9s de mudan\u00e7as nas suas rotinas.\n<\/p>\n<p>Os valores da organiza\u00e7\u00e3o incluem:\n<\/p>\n<ul>\n<li> Diversidade e Inclus\u00e3o<\/li>\n<li>Responsabilidade e Sustentabilidade<\/li>\n<li>Autoconsci\u00eancia\n<\/li>\n<li>Honestidade e Integridade\n<\/li>\n<\/ul>\n<p>Parte da sua miss\u00e3o, a Motion Digital contacta outras organiza\u00e7\u00f5es e entidades educativas na Europa com uma miss\u00e3o similar para a realiza\u00e7\u00e3o de um trabalho conjunto nas \u00e1reas do bem-estar, inclus\u00e3o e sustentabilidade.<\/p>\n<\/div>\n<\/div>\n<\/div>\n<\/div>\n<div> <a href=\"#modal-center4\" uk-toggle><\/p>\n<div class=\"partner-bg uk-flex uk-flex-middle uk-flex-center\"><img decoding=\"async\" src=\"\/wp-content\/uploads\/2021\/03\/IHU_logo.png\" \/><\/div>\n<p><\/a><\/p>\n<div id=\"modal-center4\" class=\"uk-flex-top\" uk-modal=\"\">\n<div class=\"uk-modal-dialog uk-modal-body uk-margin-auto-vertical\"><button class=\"uk-modal-close-default\" type=\"button\" uk-close=\"\"><\/button><\/p>\n<div class=\"uk-flex uk-flex-middle\">\n<div class=\"inline-block uk-width-1-4 uk-text-center\"><img decoding=\"async\" src=\"\/wp-content\/uploads\/2021\/03\/IHU_logo.png\" \/><\/div>\n<div class=\"uk-width-2-3 inline-block\">\n<div class=\"header4\">\n<h4 class=\"font-jet extra-bold\">IHU \u2013 Universidade Internacional Hellenic<\/h4>\n<\/div>\n<div class=\"button-modal\"><a class=\"uk-button uk-button-primary\" href=\"https:\/\/www.ihu.gr\/ucips\/\" target=\"_blank\">Visite o websit<\/a><\/div>\n<\/div>\n<\/div>\n<div class=\"modal-text2\">\n<p>A IHU tem a sua sede em Sal\u00f3nica e foi fundada baseada na Lei 4610\/2019 (Government Gazette 70\/\u0391\u2019\/07-05-2019), e ap\u00f3s a fus\u00e3o da Universidade Internacional Hellenic com o Instituto Tecnol\u00f3gico Alexander de Sal\u00f3nica (TEI de Sal\u00f3nica), o Instituto Tecnol\u00f3gico de Maced\u00f3nia Central (TEI de Maced\u00f3nia Central) e o Instituto Tecnol\u00f3gico de Maced\u00f3nia Este (TEI de Maced\u00f3nia Este). O n\u00famero total de alunos \u00e9 equivalente a 40000 e o staff equivalente a 600 educadores (permanentes, associados, etc.).<\/p>\n<p>\nTExistem dois campos principais na cidade de Sal\u00f3nica e a Universidade tem instala\u00e7\u00f5es educativas e administrativas em 8 cidades no Norte da Gr\u00e9cia. A IHU \u00e9 a \u00fanica Universidade p\u00fablica do pa\u00eds onde mais de 20 programas de forma\u00e7\u00e3o s\u00e3o oferecidos em ingl\u00eas. Existem 7 escolas com 31 departamentos dedicados a t\u00f3picos que a caracterizam como uma Universidade moderna. A IHU inclui ainda uma Universidade para programas internacionais localizada em Sal\u00f3nica e com o objetivo de oferecer forma\u00e7\u00e3o superior em ingl\u00eas para gregos e estrangeiros no primeiro, segundo e terceiro ciclos de estudos.\n<\/p>\n<p>\nAdicionalmente, existem mais de 40 laborat\u00f3rios na Universidade e mais de 50 estudos de p\u00f3s-gradua\u00e7\u00e3o, dos quais 22 em ingl\u00eas e alguns s\u00e3o interdisciplinares. A IHU tem v\u00e1rias colabora\u00e7\u00f5es com Universidades e centros de investiga\u00e7\u00e3o na Gr\u00e9cia e noutros pa\u00edses, refor\u00e7ando a sua posi\u00e7\u00e3o no ensino superior na Gr\u00e9cia e a n\u00edvel Europeu.<\/p>\n<\/div>\n<\/div>\n<\/div>\n<\/div>\n<div> <a href=\"#modal-center5\" uk-toggle><\/p>\n<div class=\"partner-bg uk-flex uk-flex-middle uk-flex-center\"><img decoding=\"async\" src=\"\/wp-content\/uploads\/2021\/03\/uniDinPitestiLogo.png\" \/><\/div>\n<p><\/a><\/p>\n<div id=\"modal-center5\" class=\"uk-flex-top\" uk-modal=\"\">\n<div class=\"uk-modal-dialog uk-modal-body uk-margin-auto-vertical\"><button class=\"uk-modal-close-default\" type=\"button\" uk-close=\"\"><\/button><\/p>\n<div class=\"uk-flex uk-flex-middle\">\n<div class=\"inline-block uk-width-1-4 uk-text-center\"><img decoding=\"async\" style=\"max-width:300px; max-height:200px;\" src=\"\/wp-content\/uploads\/2021\/03\/uniDinPitestiLogo.png\" \/><\/div>\n<div class=\"uk-width-2-3 inline-block\">\n<div class=\"header4\">\n<h4 class=\"font-jet extra-bold\">UPIT &#8211; UNIVERSIDADE DE PITESTI<\/h4>\n<\/div>\n<div class=\"button-modal\"><a class=\"uk-button uk-button-primary\" href=\"https:\/\/www.upit.ro\/\" target=\"_blank\">Visite o website<\/a><\/div>\n<\/div>\n<\/div>\n<div class=\"modal-text\">\n<p id=\"docs-internal-guid-177e2d0a-7fff-5c3a-fc7b-63146b2ebe79\" >A Universidade de Pitesti \u00e9 uma entidade governamental localizada em Pitesti \u2013 no sul da Rom\u00e9nia e a 120 km da capital de Bucareste. A Universidade tem sido uma entidade dinamizadora da regi\u00e3o e, atualmente, tem 10000 alunos, aproximadamente, da regi\u00e3o de Muntenia, e 700 educadores e administrativos. Consiste em 6 faculdades diferentes que oferecem estudos de bacharelato, mestrado e doutoramento. A Universidade tem como objetivo oferecer um ensino e investiga\u00e7\u00e3o de alta qualidade para formar especialistas em v\u00e1rias \u00e1reas e criar uma comunidade intelectual acreditada pelas ag\u00eancias nacionais e internacionais de qualidade.<\/p>\n<p>As suas principais atividades incluem:<\/p>\n<ul>\n<li>Oferta de cursos, semin\u00e1rios, laborat\u00f3rios para estudantes e outras categorias de profissionais;<\/li>\n<li>Oferta de cursos de reconvers\u00e3o profissional, atrav\u00e9s de forma\u00e7\u00e3o cont\u00ednua;<\/li>\n<li>Realizar investiga\u00e7\u00e3o para a inova\u00e7\u00e3o e a criatividade que reforce a sociedade da Rom\u00e9nia e a relacione com os avan\u00e7os na Uni\u00e3o Europeia;\n<\/li>\n<li>Solucionar desafios regionais, nacionais e internacionais atrav\u00e9s dos centros de investiga\u00e7\u00e3o;\n<\/li>\n<li> Realizar interc\u00e2mbios entre estudantes, educadores e investigadores com Universidades e Institutos internacionais;<\/li>\n<li> Realizar interc\u00e2mbios entre estudantes, educadores e investigadores com Universidades e Institutos internacionais;<\/li>\n<li> Publicar livros, jornais cient\u00edficos.<\/li>\n<\/ul>\n<\/div>\n<\/div>\n<\/div>\n<\/div>\n<div> <a href=\"#modal-center6\" uk-toggle><\/p>\n<div class=\"partner-bg uk-flex uk-flex-middle uk-flex-center\"><img decoding=\"async\" src=\"\/wp-content\/uploads\/2021\/03\/logo.png\" \/><\/div>\n<p><\/a><\/p>\n<div id=\"modal-center6\" class=\"uk-flex-top\" uk-modal=\"\">\n<div class=\"uk-modal-dialog uk-modal-body uk-margin-auto-vertical\"><button class=\"uk-modal-close-default\" type=\"button\" uk-close=\"\"><\/button><\/p>\n<div class=\"uk-flex uk-flex-middle\">\n<div class=\"inline-block uk-width-1-4 uk-text-center\"><img decoding=\"async\" style=\"max-width:300px; max-height:200px;\" src=\"\/wp-content\/uploads\/2021\/03\/logo.png\" \/><\/div>\n<div class=\"uk-width-2-3 inline-block\">\n<div class=\"header4\">\n<h4 class=\"font-jet extra-bold\">MUNIC\u00cdPIO DE LOUSADA<\/h4>\n<\/div>\n<div class=\"button-modal\"><a class=\"uk-button uk-button-primary\" href=\"https:\/\/www.cm-lousada.pt\/\" target=\"_blank\">Visite o website<\/a><\/div>\n<\/div>\n<\/div>\n<div class=\"modal-text\">\n<p>O Munic\u00edpio de Lousada \u00e9 uma institui\u00e7\u00e3o de administra\u00e7\u00e3o p\u00fablica local dedicada \u00e0 popula\u00e7\u00e3o e territ\u00f3rio de Lousada.<br \/>\nPertencendo ao distrito do Porto e com uma extens\u00e3o de 95 Km2, esta cidade localiza-se no centro do Vale do Sousa e tem aproximadamente 50.000 habitantes residentes em 25 freguesias.\n<\/p>\n<p>O Munic\u00edpio de Lousada prioriza a sua aten\u00e7\u00e3o para o desenvolvimento sustent\u00e1vel e para o crescimento econ\u00f3mico, social, ambiental e cultural, otimizando o uso de recursos dispon\u00edveis e sempre em resposta aos objetivos do munic\u00edpio e \u00e0s necessidades dos seus residentes.<\/p>\n<p>A sua miss\u00e3o consiste em definir estrat\u00e9gias orientadoras e executar as pol\u00edticas municipais para o desenvolvimento sustent\u00e1vel e contribuindo para a crescente competitividade a n\u00edvel local, regional e nacional, atrav\u00e9s de medidas e programas em v\u00e1rias \u00e1reas e para a promo\u00e7\u00e3o da qualidade de vida dos residentes em Lousada.<\/p>\n<p>No desenvolvimento das suas obriga\u00e7\u00f5es com os cidad\u00e3os de Lousada, o munic\u00edpio deve:\n<\/p>\n<ul>\n<li>Conduzir projetos, a\u00e7\u00f5es e atividades definidas pelos \u00f3rg\u00e3os municipais, nomeadamente os relacionados com planos de investimento;<\/li>\n<li>Alcan\u00e7ar elevadas taxas de oferta de servi\u00e7os \u00e0 popula\u00e7\u00e3o, respondendo com prontid\u00e3o \u00e0s suas necessidades e expectativas;\n<\/li>\n<li>Modernizar os servi\u00e7os t\u00e9cnicos, acelerando os processos de tomada de decis\u00e3o;\n<\/li>\n<li>Dignificar, responsabilizar e apoiar o desenvolvimento profissional dos colaboradores.<\/li>\n<\/ul>\n<\/div>\n<\/div>\n<\/div>\n<\/div>\n<p><!--more--><br \/>\n<!-- {\"name\":\"translate-partners\",\"type\":\"layout\",\"children\":[{\"type\":\"section\",\"props\":{\"style\":\"default\",\"width\":\"default\",\"vertical_align\":\"middle\",\"title_position\":\"top-left\",\"title_rotation\":\"left\",\"title_breakpoint\":\"xl\",\"image_position\":\"center-center\",\"padding_remove_top\":true},\"children\":[{\"type\":\"row\",\"children\":[{\"type\":\"column\",\"props\":{\"image_position\":\"center-center\",\"media_overlay_gradient\":\"\"},\"children\":[{\"type\":\"headline\",\"props\":{\"title_element\":\"h1\",\"content\":\"Parceiros\",\"class\":\"font-jet extra-bold\",\"css\":\".el-element{letter-spacing:0 !important;}\",\"title_style\":\"h3\"}}]}]},{\"type\":\"row\",\"props\":{\"layout\":\"1-3,1-3,1-3\"},\"children\":[{\"type\":\"column\",\"props\":{\"image_position\":\"center-center\",\"media_overlay_gradient\":\"\",\"width_medium\":\"1-3\"},\"children\":[{\"type\":\"text\",\"props\":{\"margin\":\"default\",\"column_breakpoint\":\"m\",\"content\":\" <a href=\\\"#modal-center\\\" uk-toggle>\n\n<div class=\\\"partner-bg uk-flex uk-flex-middle uk-flex-center\\\"><img src=\\\"\\\/wp-content\\\/uploads\\\/2021\\\/03\\\/PI-LOGO-only-colour.png\\\" \\\/><\\\/div><\\\/a>\\n\n\n<div id=\\\"modal-center\\\" class=\\\"uk-flex-top\\\" uk-modal=\\\"\\\">\\n\n\n<div class=\\\"uk-modal-dialog uk-modal-body uk-margin-auto-vertical\\\"><button class=\\\"uk-modal-close-default\\\" type=\\\"button\\\" uk-close=\\\"\\\"><\\\/button>\\n\n\n<div class=\\\"uk-flex uk-flex-middle\\\">\\n\n\n<div class=\\\"inline-block uk-width-1-4 uk-text-center\\\"><img src=\\\"\\\/wp-content\\\/uploads\\\/2021\\\/03\\\/PI-LOGO-only-colour.png\\\" \\\/><\\\/div>\\n\n\n<div class=\\\"uk-width-2-3 inline-block\\\">\\n\n\n<div class=\\\"header4\\\">\n\n<h4 class=\\\"font-jet extra-bold\\\">CPI \\u2013 INSTITUTO PEDAG\\u00d3GICO DO CHIPRE\\n<\\\/h4><\\\/div>\\n\n\n<div class=\\\"button-modal\\\"><a class=\\\"uk-button uk-button-primary\\\"  href=\\\"https:\\\/\\\/www.pi.ac.cy\\\" target=\\\"_blank\\\">Visite o website<\\\/a><\\\/div><\\\/div><\\\/div>\\n\n\n<div class=\\\"modal-text\\\">\\n\n\n<p>O Instituto Pedag\\u00f3gico do Chipre(CPI) foi fundado em 1972 por decis\\u00e3o do Conselho de Ministros e iniciou a sua atividade em 1973 pretendendo tornar-se o \\u201ccentro onde a profiss\\u00e3o de educa\\u00e7\\u00e3o assume um papel cr\\u00edtico e onde o trabalho cooperativo resulta de uma equipa de educadores de todos os n\\u00edveis de ensino e ativos no ensino, na forma\\u00e7\\u00e3o de professores, na supervis\\u00e3o ou na administra\\u00e7\\u00e3o\\u201d (Weddell, relat\\u00f3rio da UNESCO 1971, p. 14, \\u00a73.9). A miss\\u00e3o do CPI \\u00e9 garantir a aprendizagem cont\\u00ednua de educadores em todos os n\\u00edveis de ensino, apoiando-os no seu desenvolvimento pessoal e profissional.<\\\/p>\\n\n\n<p>O trabalho do CPI \\u00e9 ainda enquadrado na pol\\u00edtica educativa e aplicado em diversas dire\\u00e7\\u00f5es:<\\\/p>\\n\n\n<ul>\\n\n\n<li>Apoia a aprendizagem profissional de educadores em contexto escolar;\\n<\\\/li>\\n\n\n<li>Oferece forma\\u00e7\\u00e3o obrigat\\u00f3ria e semin\\u00e1rios opcionais para professores;\\n<\\\/li>\\n\n\n<li>Planeia e executa investiga\\u00e7\\u00e3o e avalia\\u00e7\\u00e3o de estudos em educa\\u00e7\\u00e3o;\\n<\\\/li>\\n\n\n<li>Acompanha e adapta-se \\u00e0s tend\\u00eancias atuais em pedagogia;<\\\/li>\\n\n\n<li>Aposta no desenvolvimento e publica\\u00e7\\u00e3o de livros de ensino, de curr\\u00edculos escolares e de recursos educativos.\\n<\\\/li>\\n\n\n<li>Aposta no desenvolvimento e publica\\u00e7\\u00e3o de livros de ensino, de curr\\u00edculos escolares e de recursos educativos.\\n<\\\/li>\\n<\\\/ul>\\n<\\\/div>\\n<\\\/div>\\n<\\\/div>\",\"css\":\"\\n.button-modal{position:relative;}\\n\\n.partner-bg {\\n\\twidth:359px;\\n\\t\\n\\n\\theight:202px;}\\n.inline-block{margin-right:15px;}\\n\\nh4 {display:block;}\\n.inline-block {display:inline-block;}\\n.uk-button-primary:hover{margin-top:0px !important;}\\n\\nimg{max-height:163px;max-width:305px;}\\n\\n.uk-button-primary {position:absolute;}\"}}]},{\"type\":\"column\",\"props\":{\"image_position\":\"center-center\",\"media_overlay_gradient\":\"\",\"width_medium\":\"1-3\"},\"children\":[{\"type\":\"text\",\"props\":{\"margin\":\"default\",\"column_breakpoint\":\"m\",\"content\":\" <a href=\\\"#modal-center2\\\" uk-toggle>\n\n<div class=\\\"partner-bg uk-flex uk-flex-middle uk-flex-center\\\"><img src=\\\"https:\\\/\\\/resilientpreschools.eu\\\/wp-content\\\/uploads\\\/2021\\\/03\\\/instituteofdev.svg\\\" \\\/><\\\/div><\\\/a>\\n\n\n<div id=\\\"modal-center2\\\" class=\\\"uk-flex-top\\\" uk-modal=\\\"\\\">\\n\n\n<div class=\\\"uk-modal-dialog uk-modal-body uk-margin-auto-vertical\\\"><button class=\\\"uk-modal-close-default\\\" type=\\\"button\\\" uk-close=\\\"\\\"><\\\/button>\\n\n\n<div class=\\\"uk-flex uk-flex-middle\\\">\\n\n\n<div class=\\\"inline-block uk-width-1-4 uk-text-center\\\"><img src=\\\"https:\\\/\\\/resilientpreschools.eu\\\/wp-content\\\/uploads\\\/2021\\\/03\\\/instituteofdev.svg\\\" \\\/><\\\/div>\\n\n\n<div class=\\\"uk-width-2-3 inline-block\\\">\\n\n\n<div class=\\\"header4\\\">\n\n<h4 class=\\\"font-jet extra-bold\\\">INSTITUTO DO DESENVOLVIMENTO NO CHIPRE<\\\/h4><\\\/div>\\n\n\n<div class=\\\"button-modal\\\"><a class=\\\"uk-button uk-button-primary\\\" href=\\\"https:\\\/\\\/iodevelopment.eu\\\/\\\" target=\\\"_blank\\\">Visite o website<\\\/a><\\\/div><\\\/div><\\\/div>\\n\n\n<div class=\\\"modal-text\\\">\\n\n\n<p>O Instituto do Desenvolvimento foi fundado em 2003. A sua vis\\u00e3o \\u00e9 contribuir para a qualidade de vida da sociedade, atrav\\u00e9s do desenvolvimento cont\\u00ednuo dos indiv\\u00edduos, das fam\\u00edlias, dos recursos humanos das empresas e das organiza\\u00e7\\u00f5es educativas. O Instituto desenvolve investiga\\u00e7\\u00e3o e oferece forma\\u00e7\\u00e3o e consultoria para ultrapassar os desafios sociais e organizacionais. Para al\\u00e9m da sua rede de contactos com pais e educadores de todos os n\\u00edveis de ensino, o Instituto colabora ainda com o CPI.\\n<\\\/p>\\n\n\n<p>Desde 2007, o Instituto implementa o programa educativo \\u2018ARETI\\u2019 focado em 12 valores b\\u00e1sicos de vida. Adicionalmente, o Instituto iniciou um programa intitulado \\u2018Positive Learning\\u2019 dedicado \\u00e0 aplica\\u00e7\\u00e3o de Psicologia Positiva  em educa\\u00e7\\u00e3o; o objetivo principal deste programa \\u00e9 o desenvolvimento de resili\\u00eancia, bem-estar, for\\u00e7a de car\\u00e1cter junto de educadores e crian\\u00e7as. As atividades de forma\\u00e7\\u00e3o s\\u00e3o realizadas em colabora\\u00e7\\u00e3o com profissionais das Universidades do Chipre e de outros pa\\u00edses da Uni\\u00e3o Europeia.\\n\\n    <\\\/p>\n\n<p>A teoria, os m\\u00e9todos e as pr\\u00e1ticas usadas s\\u00e3o baseadas em evid\\u00eancias cient\\u00edficas e, especificamente, nos princ\\u00edpios da Psicologia Positiva integrada em modelos de aprendizagem cooperativa, pensamento cr\\u00edtico e criativo, intelig\\u00eancias m\\u00faltiplas e valores. As principais atividades do Instituto incluem forma\\u00e7\\u00f5es em t\\u00f3picos como aprendizagem cooperativa, compet\\u00eancias digitais, autoconsci\\u00eancia, autoestima, valores, pensamento criativo, compet\\u00eancias de empregabilidade, aplica\\u00e7\\u00f5es da psicologia positiva, orienta\\u00e7\\u00e3o vocacional, e outros programas educativos.\\n\\n<\\\/p>\\n<\\\/div>\\n<\\\/div>\\n<\\\/div>\",\"css\":\".partner-bg {\\n\\twidth:359px;\\n\\t\\n\\n\\theight:202px;}\\n.inline-block{margin-right:15px;}\\n\\nh4 {display:block;}\\n.inline-block {display:inline-block;}\\n.uk-button-primary:hover{margin-top:0px !important;}\"}}]},{\"type\":\"column\",\"props\":{\"image_position\":\"center-center\",\"media_overlay_gradient\":\"\",\"width_medium\":\"1-3\"},\"children\":[{\"type\":\"text\",\"props\":{\"margin\":\"default\",\"column_breakpoint\":\"m\",\"content\":\" <a href=\\\"#modal-center3\\\" uk-toggle>\n\n<div class=\\\"partner-bg uk-flex uk-flex-middle uk-flex-center\\\"><img src=\\\"\\\/wp-content\\\/uploads\\\/2021\\\/04\\\/Motion-Digital-logo-NEW_lne-1.png\\\" \\\/><\\\/div><\\\/a>\\n\n\n<div id=\\\"modal-center3\\\" class=\\\"uk-flex-top\\\" uk-modal=\\\"\\\">\\n\n\n<div class=\\\"uk-modal-dialog uk-modal-body uk-margin-auto-vertical\\\"><button class=\\\"uk-modal-close-default\\\" type=\\\"button\\\" uk-close=\\\"\\\"><\\\/button>\\n\n\n<div class=\\\"uk-flex uk-flex-middle\\\">\\n\n\n<div class=\\\"inline-block uk-width-1-4 uk-text-center\\\"><img src=\\\"\\\/wp-content\\\/uploads\\\/2021\\\/04\\\/Motion-Digital-logo-NEW_lne-1.png\\\" \\\/><\\\/div>\\n\n\n<div class=\\\"uk-width-2-3 inline-block\\\">\\n\n\n<div class=\\\"header4\\\">\\n\n\n<h4 class=\\\"font-jet extra-bold\\\">Motion Digital s.r.o. \\\/ CZECH REPUBLIC<\\\/h4>\\n<\\\/div>\\n\n\n<div class=\\\"button-modal\\\"><a class=\\\"uk-button uk-button-primary\\\" href=\\\"https:\\\/\\\/www.motion-digital.eu\\\/\\\" target=\\\"_blank\\\" rel=\\\"noopener\\\">Visite o website<\\\/a><\\\/div>\\n<\\\/div>\\n<\\\/div>\\n\n\n<div class=\\\"modal-text\\\">\\n\n\n<p id=\\\"docs-internal-guid-616d0a76-7fff-f31f-4d30-b499013e7874\\\">Motion Digital \\u00e9 uma start-up fundada em 2019 na Rep\\u00fablica Checa. A sua miss\\u00e3o \\u00e9 potenciar o acesso dos indiv\\u00edduos a um ambiente sustent\\u00e1vel atrav\\u00e9s da tecnologia. A sua atividade dedica-se \\u00e0 capacita\\u00e7\\u00e3o de aprendentes para melhorarem a sua qualidade de vida atrav\\u00e9s de mudan\\u00e7as nas suas rotinas.\\n<\\\/p>\\n\n\n<p>Os valores da organiza\\u00e7\\u00e3o incluem:\\n<\\\/p>\\n\n\n<ul>\\n\n\n<li> Diversidade e Inclus\\u00e3o<\\\/li>\\n\n\n<li>Responsabilidade e Sustentabilidade<\\\/li>\\n\n\n<li>Autoconsci\\u00eancia\\n<\\\/li>\\n\n\n<li>Honestidade e Integridade\\n<\\\/li>\\n<\\\/ul>\\n\n\n<p>Parte da sua miss\\u00e3o, a Motion Digital contacta outras organiza\\u00e7\\u00f5es e entidades educativas na Europa com uma miss\\u00e3o similar para a realiza\\u00e7\\u00e3o de um trabalho conjunto nas \\u00e1reas do bem-estar, inclus\\u00e3o e sustentabilidade.<\\\/p>\\n<\\\/div>\\n<\\\/div>\\n<\\\/div>\",\"css\":\".partner-bg {\\n\\twidth:359px;\\n\\t\\n\\n\\theight:202px;}\\n.inline-block{margin-right:15px;}\\n\\nh4 {display:block;}\\n.inline-block {display:inline-block;}\\n.uk-button-primary:hover{margin-top:0px !important;}\\nimg{max-height:163px;max-width:305px;margin-right:30px;}\"}}]}]},{\"type\":\"row\",\"props\":{\"layout\":\"1-3,1-3,1-3\"},\"children\":[{\"type\":\"column\",\"props\":{\"image_position\":\"center-center\",\"media_overlay_gradient\":\"\",\"width_medium\":\"1-3\"},\"children\":[{\"type\":\"text\",\"props\":{\"margin\":\"default\",\"column_breakpoint\":\"m\",\"content\":\" <a href=\\\"#modal-center4\\\" uk-toggle>\n\n<div class=\\\"partner-bg uk-flex uk-flex-middle uk-flex-center\\\"><img src=\\\"\\\/wp-content\\\/uploads\\\/2021\\\/03\\\/IHU_logo.png\\\" \\\/><\\\/div><\\\/a>\\n\n\n<div id=\\\"modal-center4\\\" class=\\\"uk-flex-top\\\" uk-modal=\\\"\\\">\\n\n\n<div class=\\\"uk-modal-dialog uk-modal-body uk-margin-auto-vertical\\\"><button class=\\\"uk-modal-close-default\\\" type=\\\"button\\\" uk-close=\\\"\\\"><\\\/button>\\n\n\n<div class=\\\"uk-flex uk-flex-middle\\\">\\n\n\n<div class=\\\"inline-block uk-width-1-4 uk-text-center\\\"><img src=\\\"\\\/wp-content\\\/uploads\\\/2021\\\/03\\\/IHU_logo.png\\\" \\\/><\\\/div>\\n\n\n<div class=\\\"uk-width-2-3 inline-block\\\">\\n\n\n<div class=\\\"header4\\\">\n\n<h4 class=\\\"font-jet extra-bold\\\">IHU \\u2013 Universidade Internacional Hellenic<\\\/h4><\\\/div>\\n\n\n<div class=\\\"button-modal\\\"><a class=\\\"uk-button uk-button-primary\\\" href=\\\"https:\\\/\\\/www.ihu.gr\\\/ucips\\\/\\\" target=\\\"_blank\\\">Visite o websit<\\\/a><\\\/div><\\\/div><\\\/div>\\n\n\n<div class=\\\"modal-text2\\\">\\n\n\n<p>A IHU tem a sua sede em Sal\\u00f3nica e foi fundada baseada na Lei 4610\\\/2019 (Government Gazette 70\\\/\\u0391\\u2019\\\/07-05-2019), e ap\\u00f3s a fus\\u00e3o da Universidade Internacional Hellenic com o Instituto Tecnol\\u00f3gico Alexander de Sal\\u00f3nica (TEI de Sal\\u00f3nica), o Instituto Tecnol\\u00f3gico de Maced\\u00f3nia Central (TEI de Maced\\u00f3nia Central) e o Instituto Tecnol\\u00f3gico de Maced\\u00f3nia Este (TEI de Maced\\u00f3nia Este). O n\\u00famero total de alunos \\u00e9 equivalente a 40000 e o staff equivalente a 600 educadores (permanentes, associados, etc.).\\n\\n<\\\/p>\n\n<p>\\nTExistem dois campos principais na cidade de Sal\\u00f3nica e a Universidade tem instala\\u00e7\\u00f5es educativas e administrativas em 8 cidades no Norte da Gr\\u00e9cia. A IHU \\u00e9 a \\u00fanica Universidade p\\u00fablica do pa\\u00eds onde mais de 20 programas de forma\\u00e7\\u00e3o s\\u00e3o oferecidos em ingl\\u00eas. Existem 7 escolas com 31 departamentos dedicados a t\\u00f3picos que a caracterizam como uma Universidade moderna. A IHU inclui ainda uma Universidade para programas internacionais localizada em Sal\\u00f3nica e com o objetivo de oferecer forma\\u00e7\\u00e3o superior em ingl\\u00eas para gregos e estrangeiros no primeiro, segundo e terceiro ciclos de estudos.\\n<\\\/p>\n\n<p>\\nAdicionalmente, existem mais de 40 laborat\\u00f3rios na Universidade e mais de 50 estudos de p\\u00f3s-gradua\\u00e7\\u00e3o, dos quais 22 em ingl\\u00eas e alguns s\\u00e3o interdisciplinares. A IHU tem v\\u00e1rias colabora\\u00e7\\u00f5es com Universidades e centros de investiga\\u00e7\\u00e3o na Gr\\u00e9cia e noutros pa\\u00edses, refor\\u00e7ando a sua posi\\u00e7\\u00e3o no ensino superior na Gr\\u00e9cia e a n\\u00edvel Europeu.\\n\\n<\\\/p>\\n<\\\/div>\\n<\\\/div>\\n<\\\/div>\",\"css\":\".partner-bg {\\n\\twidth:359px;\\n\\t\\n\\n\\theight:202px;}\\n.inline-block{margin-right:15px;}\\n\\nh4 {display:block;}\\n.inline-block {display:inline-block;}\\n.uk-button-primary:hover{margin-top:0px !important;}\\n\\nimg{max-height:163px;max-width:305px;}\\n\\n.modal-text{margin-top:160px;}\"}}]},{\"type\":\"column\",\"props\":{\"image_position\":\"center-center\",\"media_overlay_gradient\":\"\",\"width_medium\":\"1-3\"},\"children\":[{\"type\":\"text\",\"props\":{\"margin\":\"default\",\"column_breakpoint\":\"m\",\"content\":\" <a href=\\\"#modal-center5\\\" uk-toggle>\n\n<div class=\\\"partner-bg uk-flex uk-flex-middle uk-flex-center\\\"><img src=\\\"\\\/wp-content\\\/uploads\\\/2021\\\/03\\\/uniDinPitestiLogo.png\\\" \\\/><\\\/div><\\\/a>\\n\n\n<div id=\\\"modal-center5\\\" class=\\\"uk-flex-top\\\" uk-modal=\\\"\\\">\\n\n\n<div class=\\\"uk-modal-dialog uk-modal-body uk-margin-auto-vertical\\\"><button class=\\\"uk-modal-close-default\\\" type=\\\"button\\\" uk-close=\\\"\\\"><\\\/button>\\n\n\n<div class=\\\"uk-flex uk-flex-middle\\\">\\n\n\n<div class=\\\"inline-block uk-width-1-4 uk-text-center\\\"><img style=\\\"max-width:300px; max-height:200px;\\\" src=\\\"\\\/wp-content\\\/uploads\\\/2021\\\/03\\\/uniDinPitestiLogo.png\\\" \\\/><\\\/div>\\n\n\n<div class=\\\"uk-width-2-3 inline-block\\\">\\n\n\n<div class=\\\"header4\\\">\n\n<h4 class=\\\"font-jet extra-bold\\\">UPIT - UNIVERSIDADE DE PITESTI<\\\/h4><\\\/div>\\n\n\n<div class=\\\"button-modal\\\"><a class=\\\"uk-button uk-button-primary\\\" href=\\\"https:\\\/\\\/www.upit.ro\\\/\\\" target=\\\"_blank\\\">Visite o website<\\\/a><\\\/div><\\\/div><\\\/div>\\n\n\n<div class=\\\"modal-text\\\">\\n\n\n<p id=\\\"docs-internal-guid-177e2d0a-7fff-5c3a-fc7b-63146b2ebe79\\\" >A Universidade de Pitesti \\u00e9 uma entidade governamental localizada em Pitesti \\u2013 no sul da Rom\\u00e9nia e a 120 km da capital de Bucareste. A Universidade tem sido uma entidade dinamizadora da regi\\u00e3o e, atualmente, tem 10000 alunos, aproximadamente, da regi\\u00e3o de Muntenia, e 700 educadores e administrativos. Consiste em 6 faculdades diferentes que oferecem estudos de bacharelato, mestrado e doutoramento. A Universidade tem como objetivo oferecer um ensino e investiga\\u00e7\\u00e3o de alta qualidade para formar especialistas em v\\u00e1rias \\u00e1reas e criar uma comunidade intelectual acreditada pelas ag\\u00eancias nacionais e internacionais de qualidade.\\n\\n<\\\/p>\\n\n\n<p>As suas principais atividades incluem:<\\\/p>\\n\n\n<ul>\\n\n\n<li>Oferta de cursos, semin\\u00e1rios, laborat\\u00f3rios para estudantes e outras categorias de profissionais;<\\\/li>\\n\n\n<li>Oferta de cursos de reconvers\\u00e3o profissional, atrav\\u00e9s de forma\\u00e7\\u00e3o cont\\u00ednua;<\\\/li>\\n\n\n<li>Realizar investiga\\u00e7\\u00e3o para a inova\\u00e7\\u00e3o e a criatividade que reforce a sociedade da Rom\\u00e9nia e a relacione com os avan\\u00e7os na Uni\\u00e3o Europeia;\\n<\\\/li>\\n\n\n<li>Solucionar desafios regionais, nacionais e internacionais atrav\\u00e9s dos centros de investiga\\u00e7\\u00e3o;\\n<\\\/li>\\n\n\n<li> Realizar interc\\u00e2mbios entre estudantes, educadores e investigadores com Universidades e Institutos internacionais;<\\\/li>\\n\n\n<li> Realizar interc\\u00e2mbios entre estudantes, educadores e investigadores com Universidades e Institutos internacionais;<\\\/li>\\n\n\n<li> Publicar livros, jornais cient\\u00edficos.<\\\/li>\\n<\\\/ul>\\n<\\\/div>\\n<\\\/div>\\n<\\\/div>\",\"css\":\".partner-bg {\\n\\twidth:359px;\\n\\t\\n\\n\\theight:202px;}\\n.inline-block{margin-right:15px;}\\n\\nh4 {display:block;}\\n.inline-block {display:inline-block;}\\n.uk-button-primary:hover{margin-top:0px !important;}\\n\\nimg{max-height:263px;max-width:405px;}\"}}]},{\"type\":\"column\",\"props\":{\"image_position\":\"center-center\",\"media_overlay_gradient\":\"\",\"width_medium\":\"1-3\"},\"children\":[{\"type\":\"text\",\"props\":{\"margin\":\"default\",\"column_breakpoint\":\"m\",\"content\":\" <a href=\\\"#modal-center6\\\" uk-toggle>\n\n<div class=\\\"partner-bg uk-flex uk-flex-middle uk-flex-center\\\"><img src=\\\"\\\/wp-content\\\/uploads\\\/2021\\\/03\\\/logo.png\\\" \\\/><\\\/div><\\\/a>\\n\n\n<div id=\\\"modal-center6\\\" class=\\\"uk-flex-top\\\" uk-modal=\\\"\\\">\\n\n\n<div class=\\\"uk-modal-dialog uk-modal-body uk-margin-auto-vertical\\\"><button class=\\\"uk-modal-close-default\\\" type=\\\"button\\\" uk-close=\\\"\\\"><\\\/button>\\n\n\n<div class=\\\"uk-flex uk-flex-middle\\\">\\n\n\n<div class=\\\"inline-block uk-width-1-4 uk-text-center\\\"><img style=\\\"max-width:300px; max-height:200px;\\\" src=\\\"\\\/wp-content\\\/uploads\\\/2021\\\/03\\\/logo.png\\\" \\\/><\\\/div>\\n\n\n<div class=\\\"uk-width-2-3 inline-block\\\">\\n\n\n<div class=\\\"header4\\\">\n\n<h4 class=\\\"font-jet extra-bold\\\">MUNIC\\u00cdPIO DE LOUSADA<\\\/h4><\\\/div>\\n\n\n<div class=\\\"button-modal\\\"><a class=\\\"uk-button uk-button-primary\\\" href=\\\"https:\\\/\\\/www.cm-lousada.pt\\\/\\\" target=\\\"_blank\\\">Visite o website<\\\/a><\\\/div><\\\/div><\\\/div>\\n\n\n<div class=\\\"modal-text\\\">\\n\n\n<p>O Munic\\u00edpio de Lousada \\u00e9 uma institui\\u00e7\\u00e3o de administra\\u00e7\\u00e3o p\\u00fablica local dedicada \\u00e0 popula\\u00e7\\u00e3o e territ\\u00f3rio de Lousada.\\nPertencendo ao distrito do Porto e com uma extens\\u00e3o de 95 Km2, esta cidade localiza-se no centro do Vale do Sousa e tem aproximadamente 50.000 habitantes residentes em 25 freguesias.\\n<\\\/p>\\n\\n\n\n<p>O Munic\\u00edpio de Lousada prioriza a sua aten\\u00e7\\u00e3o para o desenvolvimento sustent\\u00e1vel e para o crescimento econ\\u00f3mico, social, ambiental e cultural, otimizando o uso de recursos dispon\\u00edveis e sempre em resposta aos objetivos do munic\\u00edpio e \\u00e0s necessidades dos seus residentes.\\n\\n\\n<\\\/p>\\n\\n\n\n<p>A sua miss\\u00e3o consiste em definir estrat\\u00e9gias orientadoras e executar as pol\\u00edticas municipais para o desenvolvimento sustent\\u00e1vel e contribuindo para a crescente competitividade a n\\u00edvel local, regional e nacional, atrav\\u00e9s de medidas e programas em v\\u00e1rias \\u00e1reas e para a promo\\u00e7\\u00e3o da qualidade de vida dos residentes em Lousada.<\\\/p>\\n\n\n<p>No desenvolvimento das suas obriga\\u00e7\\u00f5es com os cidad\\u00e3os de Lousada, o munic\\u00edpio deve:\\n<\\\/p>\\n\n\n<ul>\\n\n\n<li>Conduzir projetos, a\\u00e7\\u00f5es e atividades definidas pelos \\u00f3rg\\u00e3os municipais, nomeadamente os relacionados com planos de investimento;<\\\/li>\\n\n\n<li>Alcan\\u00e7ar elevadas taxas de oferta de servi\\u00e7os \\u00e0 popula\\u00e7\\u00e3o, respondendo com prontid\\u00e3o \\u00e0s suas necessidades e expectativas;\\n<\\\/li>\\n\n\n<li>Modernizar os servi\\u00e7os t\\u00e9cnicos, acelerando os processos de tomada de decis\\u00e3o;\\n<\\\/li>\\n\n\n<li>Dignificar, responsabilizar e apoiar o desenvolvimento profissional dos colaboradores.<\\\/li>\\n<\\\/ul>\\n<\\\/div>\\n<\\\/div>\\n<\\\/div>\",\"css\":\".partner-bg {\\n\\twidth:359px;\\n\\t\\n\\n\\theight:202px;}\\n.inline-block{margin-right:15px;}\\n\\nh4 {display:block;}\\n.inline-block {display:inline-block;}\\n.uk-button-primary:hover{margin-top:0px !important;}\\n\\nimg{max-height:163px;max-width:305px !important;}\\n\\n\\n.inline-block img{max-height:163px;max-width:305px !important;}\"}}]}]}]}],\"version\":\"2.4.12\"} --><\/p>\n","protected":false},"excerpt":{"rendered":"<p>Parceiros CPI \u2013 INSTITUTO PEDAG\u00d3GICO DO CHIPRE Visite o website O Instituto Pedag\u00f3gico do Chipre(CPI) foi fundado em 1972 por decis\u00e3o do Conselho de Ministros..<\/p>\n","protected":false},"author":4,"featured_media":0,"parent":0,"menu_order":0,"comment_status":"closed","ping_status":"closed","template":"","meta":{"_acf_changed":false,"footnotes":""},"class_list":["post-2203","page","type-page","status-publish","hentry"],"acf":[],"_links":{"self":[{"href":"https:\/\/resilientpreschools.eu\/pt-pt\/wp-json\/wp\/v2\/pages\/2203","targetHints":{"allow":["GET"]}}],"collection":[{"href":"https:\/\/resilientpreschools.eu\/pt-pt\/wp-json\/wp\/v2\/pages"}],"about":[{"href":"https:\/\/resilientpreschools.eu\/pt-pt\/wp-json\/wp\/v2\/types\/page"}],"author":[{"embeddable":true,"href":"https:\/\/resilientpreschools.eu\/pt-pt\/wp-json\/wp\/v2\/users\/4"}],"replies":[{"embeddable":true,"href":"https:\/\/resilientpreschools.eu\/pt-pt\/wp-json\/wp\/v2\/comments?post=2203"}],"version-history":[{"count":9,"href":"https:\/\/resilientpreschools.eu\/pt-pt\/wp-json\/wp\/v2\/pages\/2203\/revisions"}],"predecessor-version":[{"id":2293,"href":"https:\/\/resilientpreschools.eu\/pt-pt\/wp-json\/wp\/v2\/pages\/2203\/revisions\/2293"}],"wp:attachment":[{"href":"https:\/\/resilientpreschools.eu\/pt-pt\/wp-json\/wp\/v2\/media?parent=2203"}],"curies":[{"name":"wp","href":"https:\/\/api.w.org\/{rel}","templated":true}]}}